{"id":148,"date":"2022-10-20T10:45:31","date_gmt":"2022-10-20T10:45:31","guid":{"rendered":"https:\/\/sites.uab.pt\/congresso-humanidades\/?page_id=148"},"modified":"2024-01-04T23:37:26","modified_gmt":"2024-01-04T23:37:26","slug":"eventos","status":"publish","type":"page","link":"https:\/\/lead.uab.pt\/digithum\/eventos\/","title":{"rendered":"Eventos"},"content":{"rendered":"\n<h2 class=\"wp-block-heading\">Eventos<\/h2>\n\n\n\n<div class=\"wp-block-c3-framew-gutenbergblocks-timeline schedule\"><div class=\"gbt-timeline-title-wrapper\"><div class=\"gbt-timeline-title tt-title\"><\/div><\/div><ul class=\"gbt-timeline-content-wrapper\">\n<li style=\"--timeline-color:#06c2c4\"><div class=\"gbt-timeline-event-title-wrapper\"><div class=\"gbt-timeline-event-title time-title\"><strong>Evento 1<\/strong><br><strong>MEET &#8211; UP\u00a022 &#8211; I Encontro de Investigadores do LE@D \u2013 Investiga\u00e7\u00e3o e Inova\u00e7\u00e3o,<\/strong>\u00a0Lisboa, Universidade Aberta, 18 e 19 de mar\u00e7o de 2022.\u00a0<br>\u00a0<br>T\u00edtulo:\u00a0<em>Digital\u00a0Humanities<\/em>: primeiros passos<br>\u00a0<br><strong>Autores:\u00a0<\/strong><br>Isabel Roboredo Seara; Isabel Maria de Barros Dias;\u00a0Maria de Jesus Crespo Candeias\u00a0Velez\u00a0Relvas;\u00a0Maria Alexandra Trindade Gago da C\u00e2mara; Susana\u00a0Magalh\u00e3es de\u00a0Oliveira.<br><br><strong>Resumo:<\/strong><br>O projeto DIGITHUM visa refletir sobre a aquisi\u00e7\u00e3o de compet\u00eancias que permitem o uso, o tratamento, a produ\u00e7\u00e3o, a preserva\u00e7\u00e3o e a difus\u00e3o de conhecimentos human\u00edsticos em ambientes digitais.<br>\u00c9 igualmente objeto de reflex\u00e3o o impacto das tecnologias digitais na sociedade, procurando-se evidenciar o impacto e a relev\u00e2ncia do meio digital, assim como as consequentes altera\u00e7\u00f5es no \u00e2mbito da escrita e da leitura em ambiente digital, abrangendo dom\u00ednios diversificados (Literatura; Hist\u00f3ria; Cultura; Arte; Lingu\u00edstica).<\/div><\/div><div class=\"gbt-timeline-event-content-wrapper\">\n<p><\/p>\n<\/div><\/li>\n\n\n\n<li style=\"--timeline-color:#06c2c4\"><div class=\"gbt-timeline-event-title-wrapper\"><div class=\"gbt-timeline-event-title time-title\"><strong>Evento 2<\/strong><br>Coorganiza\u00e7\u00e3o\u00a0<strong>II Congresso Internacional EDUCARE+ EDUCERE- Forma\u00e7\u00e3o de Professores para o S\u00e9culo XXI<\/strong>, Universidad Rey Juan Carlos, Madrid, 16 a 18 de novembro de 2022<br>\u00a0<br>Apresenta\u00e7\u00e3o de comunica\u00e7\u00f5es:<br>\u201cRelev\u00e2ncia dos ambientes de e-learning nos projetos universit\u00e1rios. Contributos para a internacionaliza\u00e7\u00e3o\u201d (Isabel Roboredo Seara)<\/div><\/div><div class=\"gbt-timeline-event-content-wrapper\">\n<p><\/p>\n<\/div><\/li>\n\n\n\n<li style=\"--timeline-color:#06c2c4\"><div class=\"gbt-timeline-event-title-wrapper\"><div class=\"gbt-timeline-event-title time-title\"><strong>Evento 3 <\/strong><br>Coorganiza\u00e7\u00e3o do\u00a0<strong>III Congresso Internacional EDUCARE+ EDUCERE: Forma\u00e7\u00e3o de Professores para o S\u00e9culo XXI,<\/strong>\u00a0Pontif\u00edcia Universidade Cat\u00f3lica de S\u00e3o Paulo, 5 a 7 de dezembro de 2023.<br>Coordena\u00e7\u00e3o do simp\u00f3sio intitulado:<br>ST9 \u2013 G\u00eaneros digitais: propostas did\u00e1ticas para o ensino na aula de L\u00edngua Portuguesa (Isabel Roboredo Seara)<\/div><\/div><div class=\"gbt-timeline-event-content-wrapper\">\n<p><\/p>\n<\/div><\/li>\n\n\n\n<li><div class=\"gbt-timeline-event-title-wrapper\"><div class=\"gbt-timeline-event-title time-title\"><strong>Evento 4<\/strong><br>Curso de forma\u00e7\u00e3o \u2013 MOOC\u00a0<br>AULAbERTA \u2013 <em><strong><a href=\"https:\/\/portal.uab.pt\/noticias\/aulaberta-ciberviolencia-nos-estudos-da-linguagem\/\" data-type=\"URL\" data-id=\"https:\/\/portal.uab.pt\/noticias\/aulaberta-ciberviolencia-nos-estudos-da-linguagem\/\">Ciberviol\u00eancia nos estudos da Linguagem<\/a><\/strong><\/em><br>Inscri\u00e7\u00f5es <a href=\"https:\/\/aulaberta.uab.pt\/blocks\/catalog\/detail.php?id=63\" data-type=\"URL\" data-id=\"https:\/\/aulaberta.uab.pt\/blocks\/catalog\/detail.php?id=63\"><strong>AQUI<\/strong><\/a><\/div><\/div><div class=\"gbt-timeline-event-content-wrapper\">\n<div class=\"wp-block-columns is-layout-flex wp-container-core-columns-is-layout-1 wp-block-columns-is-layout-flex\">\n<div class=\"wp-block-column is-layout-flow wp-block-column-is-layout-flow\" style=\"flex-basis:33.33%\">\n<figure class=\"wp-block-image size-large is-resized\"><img loading=\"lazy\" decoding=\"async\" width=\"1024\" height=\"534\" src=\"https:\/\/lead.uab.pt\/digithum\/wp-content\/uploads\/sites\/19\/2023\/08\/MOOC-Ciberviolencia-1024x534.jpg\" alt=\"\" class=\"wp-image-2051\" style=\"aspect-ratio:1.6605504587155964;width:362px;height:auto\" srcset=\"https:\/\/lead.uab.pt\/digithum\/wp-content\/uploads\/sites\/19\/2023\/08\/MOOC-Ciberviolencia-1024x534.jpg 1024w, https:\/\/lead.uab.pt\/digithum\/wp-content\/uploads\/sites\/19\/2023\/08\/MOOC-Ciberviolencia-300x157.jpg 300w, https:\/\/lead.uab.pt\/digithum\/wp-content\/uploads\/sites\/19\/2023\/08\/MOOC-Ciberviolencia-768x401.jpg 768w, https:\/\/lead.uab.pt\/digithum\/wp-content\/uploads\/sites\/19\/2023\/08\/MOOC-Ciberviolencia.jpg 1198w\" sizes=\"auto, (max-width: 1024px) 100vw, 1024px\" \/><\/figure>\n<\/div>\n\n\n\n<div class=\"wp-block-column is-layout-flow wp-block-column-is-layout-flow\" style=\"flex-basis:66.66%\">\n<p>.&nbsp;<\/p>\n<\/div>\n<\/div>\n\n\n\n<p>A Universidade Aberta disponibiliza,&nbsp;<strong>em acesso aberto, e de forma inteiramente gratuita<\/strong>, temas e recursos para uma experi\u00eancia de aprendizagem online.&nbsp;<\/p>\n\n\n\n<p>No dia 4 de setembro de 2023 teve in\u00edcio um MOOC (Massive Online Open Course) sobre&nbsp;<strong>Ciberviol\u00eancia nos Estudos da Linguagem.<\/strong><\/p>\n\n\n\n<p><strong>Dura\u00e7\u00e3o:&nbsp;&nbsp;<br><\/strong>5 semanas \u2013 4 de setembro a 6 de outubro de 2023.&nbsp;1 ECTS, equivalente a 26 horas de trabalho.<\/p>\n\n\n\n<p>O curso foi concebido e lecionado pela Professora Doutora Isabel Roboredo Seara, da Universidade Aberta, Lisboa, Portugal; Professora Doutora Isabel Muniz-Lima, da Universidade Federal de Alagoas, Macei\u00f3, e pela Mestre Jessica Fernandes da Universidade Federal do Cear\u00e1, Fortaleza. Conta com o apoio de v\u00e1rios grupos de pesquisa, centros de investiga\u00e7\u00e3o, bem como de universidades de refer\u00eancia.<\/p>\n\n\n\n<p>Este MOOC visa refletir sobre a ciberviol\u00eancia a partir de uma perspectiva discursivo-textual, em di\u00e1logo com a Lingu\u00edstica Textual, a An\u00e1lise do Discurso Digital, a Pragm\u00e1tica Lingu\u00edstica, ensaiando identificar aspetos discursivo-textuais na constru\u00e7\u00e3o de intera\u00e7\u00f5es violentas em contexto digital e, ainda, refletir sobre&nbsp;as diferentes possibilidades de minimizar, evitar e combater a ciberviol\u00eancia.&nbsp;<\/p>\n\n\n\n<p>O curso teve o apoio do LE@D e do grupo DIGITHUM e contou com parceria das seguintes universidades, centros e grupos de investiga\u00e7\u00e3o: Universidade Aberta, Centro de Lingu\u00edstica da Universidade NOVA de Lisboa, nomeadamente do grupo Gram\u00e1tica &amp; Texto; LE@D; Universidade de Bras\u00edlia; Universidade Federal do Rio Grande do Norte; Universidade Federal do Cear\u00e1; Universidade Federal de Alagoas, Grupo PROTEXTO e Grupo DisVIO.<\/p>\n\n\n\n<p>Dispon\u00edvel em:<\/p>\n\n\n\n<p><a href=\"https:\/\/aulaberta.uab.pt\/course\/view.php?id=96\" target=\"_blank\" rel=\"noreferrer noopener\">https:\/\/aulaberta.uab.pt\/course\/view.php?id=96<\/a><\/p>\n<\/div><\/li>\n\n\n\n<li><div class=\"gbt-timeline-event-title-wrapper\"><div class=\"gbt-timeline-event-title time-title\"><strong>Evento 5<\/strong><br><strong>MEET &#8211; UP 2023 \u2013 2.\u00ba Encontro de Investigadores do LE@D \u2013 Inova\u00e7\u00e3o e Ci\u00eancia<\/strong><br>\u00a0<br>Apresenta\u00e7\u00e3o do DIGITHUM: discursos e reconfigura\u00e7\u00f5es\u00a0<br>(PTIN\/UID4372-LE@D\/012020)<br>\u00a0<br>Participa\u00e7\u00e3o do grupo DIGITHUM<br>\u00a0<br><strong>T\u00edtulo:\u00a0<\/strong><br>DIGITHUM: discursos e reconfigura\u00e7\u00f5es. Projeto de investiga\u00e7\u00e3o interdisciplinar<br><strong>Autores:\u00a0<\/strong><br>Isabel Roboredo Seara,\u00a0Isabel Maria de Barros Dias e Maria Alexandra Gago da C\u00e2mara\u00a0<br><br><strong>Resumo:<\/strong><br>As Humanidades Digitais, ao privilegiarem a interdisciplinaridade, nomeadamente entre as ci\u00eancias humanas e sociais e as \u00e1reas inform\u00e1ticas e tecnol\u00f3gicas, ultrapassando as fronteiras entre as disciplinas, e convocando a mobilidade de conceitos e metodologias epistemol\u00f3gicas, concorrem, na atualidade, para a colabora\u00e7\u00e3o e o interc\u00e2mbio de conhecimentos.\u00a0Neste \u00e2mbito, \u00e9 enfatizado\u00a0um conjunto de pr\u00e1ticas convergentes que produzem impacto quer nas obras liter\u00e1rias, quer na escrita e\u00a0na\u00a0leitura, quer, ainda, na produ\u00e7\u00e3o de artefactos que anteriormente estavam confinados \u00e0s ci\u00eancias humanas e sociais, promovendo, assim, a dissemina\u00e7\u00e3o do conhecimento. (Luhmann\u00a0&amp;\u00a0Burghardt, 2022). O impacto do advento tecnol\u00f3gico nas Humanidades conduziu ao desenvolvimento de ferramentas que alteraram a produ\u00e7\u00e3o de material nestas ci\u00eancias, modificando de forma irrevers\u00edvel os seus m\u00e9todos e facilitando os processos criativos (Phillips\u00a0<em>et\u00a0al<\/em>., 2019).<br>Esta apresenta\u00e7\u00e3o visa apresentar o projeto\u00a0<strong><em>DIGITHUM: discursos e reconfigura\u00e7\u00f5es<\/em><\/strong>\u00a0a fim de colher\u00a0ideias que possam ajudar a\u00a0identificar as transforma\u00e7\u00f5es que ocorrem na transi\u00e7\u00e3o\u00a0do\u00a0digital para o p\u00f3s-digital, privilegiando a comunica\u00e7\u00e3o e a imagem digitais. Pretende-se, assim, dar conta da reflex\u00e3o que foi recentemente encetada sobre patrim\u00f3nio Digital (material e imaterial), nomeadamente sobre artefactos digitais e g\u00e9neros discursivos digitais.<br><\/div><\/div><div class=\"gbt-timeline-event-content-wrapper\"><\/div><\/li>\n<\/ul><\/div>\n\n\n\n<p><\/p>\n","protected":false},"excerpt":{"rendered":"Eventos","protected":false},"author":1,"featured_media":0,"parent":0,"menu_order":50,"comment_status":"closed","ping_status":"closed","template":"","meta":{"footnotes":""},"class_list":["post-148","page","type-page","status-publish","hentry"],"_links":{"self":[{"href":"https:\/\/lead.uab.pt\/digithum\/wp-json\/wp\/v2\/pages\/148","targetHints":{"allow":["GET"]}}],"collection":[{"href":"https:\/\/lead.uab.pt\/digithum\/wp-json\/wp\/v2\/pages"}],"about":[{"href":"https:\/\/lead.uab.pt\/digithum\/wp-json\/wp\/v2\/types\/page"}],"author":[{"embeddable":true,"href":"https:\/\/lead.uab.pt\/digithum\/wp-json\/wp\/v2\/users\/1"}],"replies":[{"embeddable":true,"href":"https:\/\/lead.uab.pt\/digithum\/wp-json\/wp\/v2\/comments?post=148"}],"version-history":[{"count":5,"href":"https:\/\/lead.uab.pt\/digithum\/wp-json\/wp\/v2\/pages\/148\/revisions"}],"predecessor-version":[{"id":2133,"href":"https:\/\/lead.uab.pt\/digithum\/wp-json\/wp\/v2\/pages\/148\/revisions\/2133"}],"wp:attachment":[{"href":"https:\/\/lead.uab.pt\/digithum\/wp-json\/wp\/v2\/media?parent=148"}],"curies":[{"name":"wp","href":"https:\/\/api.w.org\/{rel}","templated":true}]}}