{"id":142,"date":"2022-10-19T22:42:28","date_gmt":"2022-10-19T22:42:28","guid":{"rendered":"https:\/\/sites.uab.pt\/congresso-humanidades\/?page_id=142"},"modified":"2024-01-04T17:06:27","modified_gmt":"2024-01-04T17:06:27","slug":"equipa","status":"publish","type":"page","link":"https:\/\/lead.uab.pt\/genz\/equipa\/","title":{"rendered":"Equipa"},"content":{"rendered":"\n<h2 class=\"wp-block-heading\">LE@D, Universidade Aberta<\/h2>\n\n\n\n<div style=\"height:25px\" aria-hidden=\"true\" class=\"wp-block-spacer\"><\/div>\n\n\n\n<div class=\"wp-block-group has-global-padding is-layout-constrained wp-block-group-is-layout-constrained\">\n<div class=\"wp-block-columns alignwide is-layout-flex wp-container-core-columns-is-layout-1 wp-block-columns-is-layout-flex\">\n<div class=\"wp-block-column is-layout-flow wp-block-column-is-layout-flow\" style=\"flex-basis:100%\">\n\n\n    <div class=\"\">\n        <ul class=\"elements row list-unstyled justify-content-center\">\n            \t\t\t\t<li class=\"flex-row col-12 col-lg-12 element-horizontal-view d-flex align-items-center element py-3\">\n\t\t\t\t\t<a href=\"https:\/\/lead.uab.pt\/genz\/conhecer\/ines-messias\/\"  class=\"d-flex flex-column flex-lg-row align-items-center text-decoration-none\" title=\"Saber mais sobre In\u00eas Messias\">\n\t\t\t\t\t\t\t\t\t\t\t\t\t\t\t\t\t\t<div class=\"entry-thumbnail-wrapper-bg\"><div class=\"entry-thumbnail-wrapper\"><img decoding=\"async\" src=\"https:\/\/lead.uab.pt\/genz\/wp-content\/uploads\/sites\/10\/2022\/10\/Ines_Messias_1517499956312.jpeg\" width=\"380\" height=\"380\" class=\"attachment-news-list-thumbnails-size size-news-list-thumbnails-size block entry-thumbnail img-fluid\" alt=\"\" srcset=\"https:\/\/lead.uab.pt\/genz\/wp-content\/uploads\/sites\/10\/2022\/10\/Ines_Messias_1517499956312.jpeg 380w, https:\/\/lead.uab.pt\/genz\/wp-content\/uploads\/sites\/10\/2022\/10\/Ines_Messias_1517499956312-300x300.jpeg 300w, https:\/\/lead.uab.pt\/genz\/wp-content\/uploads\/sites\/10\/2022\/10\/Ines_Messias_1517499956312-150x150.jpeg 150w\" sizes=\"auto, (max-width: 380px) 100vw, 380px\"  loading=\"lazy\"><\/div><\/div>\n\t\t\t\t\t\t\n\t\t\t\t\t\t<div class=\"element-info\">\n\t\t\t\t\t\t\t<div class=\"title\">In\u00eas Messias<\/div>\n\t\t\t\t\t\t\t\n\t\t\t\t\t\t\t\t\t\t\t\t\t\t\t\t\t\t\t\t\t\t<dl class=\"affiliation-wrapper\"><dt class=\"affiliation-label visually-hidden\">Afilia\u00e7\u00e3o: <\/dt><dd class=\"affiliation-value\">Universidade Aberta<\/dd><\/dl>\n\t\t\t\t\t\t\t\n\t\t\t\t\t\t\t\t\t\t\t\t\t\t<div class=\"entry-bio\">Investigadora no Laborat\u00f3rio de Educa\u00e7\u00e3o a Dist\u00e2ncia e E-learning da Universidade Aberta. \u00c9 Investigadora no Centro de Investiga\u00e7\u00e3o em Ci\u00eancias da Informa\u00e7\u00e3o Tecnologias e Arquitetura do ISCTE-Instituto Universit\u00e1rio de Lisboa.<\/div>\t\t\t\t\t\t\t\t\t\t\t\t\t<\/div>\n\t\t\t\t\t<\/a>\n\t\t\t\t<\/li>\n            \t\t\t\t<li class=\"flex-row col-12 col-lg-12 element-horizontal-view d-flex align-items-center element py-3\">\n\t\t\t\t\t<a href=\"https:\/\/lead.uab.pt\/genz\/conhecer\/maria-antonieta-rocha\/\"  class=\"d-flex flex-column flex-lg-row align-items-center text-decoration-none\" title=\"Saber mais sobre Maria Antonieta Rocha\">\n\t\t\t\t\t\t\t\t\t\t\t\t\t\t\t\t\t\t<div class=\"entry-thumbnail-wrapper-bg\"><div class=\"entry-thumbnail-wrapper\"><img decoding=\"async\" src=\"https:\/\/lead.uab.pt\/genz\/wp-content\/uploads\/sites\/10\/2022\/10\/antonietarocha-e1664990819152.jpg\" width=\"218\" height=\"218\" class=\"attachment-news-list-thumbnails-size size-news-list-thumbnails-size block entry-thumbnail img-fluid\" alt=\"\" srcset=\"https:\/\/lead.uab.pt\/genz\/wp-content\/uploads\/sites\/10\/2022\/10\/antonietarocha-e1664990819152.jpg 218w, https:\/\/lead.uab.pt\/genz\/wp-content\/uploads\/sites\/10\/2022\/10\/antonietarocha-e1664990819152-150x150.jpg 150w\" sizes=\"auto, (max-width: 218px) 100vw, 218px\"  loading=\"lazy\"><\/div><\/div>\n\t\t\t\t\t\t\n\t\t\t\t\t\t<div class=\"element-info\">\n\t\t\t\t\t\t\t<div class=\"title\">Maria Antonieta Rocha<\/div>\n\t\t\t\t\t\t\t\n\t\t\t\t\t\t\t\t\t\t\t\t\t\t\t\t\t\t\t\t\t\t<dl class=\"affiliation-wrapper\"><dt class=\"affiliation-label visually-hidden\">Afilia\u00e7\u00e3o: <\/dt><dd class=\"affiliation-value\">Universidade Aberta<\/dd><\/dl>\n\t\t\t\t\t\t\t\n\t\t\t\t\t\t\t\t\t\t\t\t\t\t<div class=\"entry-bio\">Maria Antonieta Rocha \u00e9 investigador(a) integrado na UID-FCT n\u00ba 4372, Laborat\u00f3rio de Educa\u00e7\u00e3o a Dist\u00e2ncia e eLearning (LE@D), Universidade Aberta (Portugal).<\/div>\t\t\t\t\t\t\t\t\t\t\t\t\t<\/div>\n\t\t\t\t\t<\/a>\n\t\t\t\t<\/li>\n            \t\t\t\t<li class=\"flex-row col-12 col-lg-12 element-horizontal-view d-flex align-items-center element py-3\">\n\t\t\t\t\t<a href=\"https:\/\/lead.uab.pt\/genz\/conhecer\/mario-carrilho-negas\/\"  class=\"d-flex flex-column flex-lg-row align-items-center text-decoration-none\" title=\"Saber mais sobre M\u00e1rio Carrilho Negas\">\n\t\t\t\t\t\t\t\t\t\t\t\t\t\t\t\t\t\t<div class=\"entry-thumbnail-wrapper-bg\"><div class=\"entry-thumbnail-wrapper\"><img decoding=\"async\" src=\"https:\/\/lead.uab.pt\/genz\/wp-content\/uploads\/sites\/10\/2022\/10\/IMG_20131117_135302.jpg\" width=\"1920\" height=\"2560\" class=\"attachment-news-list-thumbnails-size size-news-list-thumbnails-size block entry-thumbnail img-fluid\" alt=\"\" srcset=\"https:\/\/lead.uab.pt\/genz\/wp-content\/uploads\/sites\/10\/2022\/10\/IMG_20131117_135302.jpg 1920w, https:\/\/lead.uab.pt\/genz\/wp-content\/uploads\/sites\/10\/2022\/10\/IMG_20131117_135302-225x300.jpg 225w, https:\/\/lead.uab.pt\/genz\/wp-content\/uploads\/sites\/10\/2022\/10\/IMG_20131117_135302-768x1024.jpg 768w, https:\/\/lead.uab.pt\/genz\/wp-content\/uploads\/sites\/10\/2022\/10\/IMG_20131117_135302-1152x1536.jpg 1152w, https:\/\/lead.uab.pt\/genz\/wp-content\/uploads\/sites\/10\/2022\/10\/IMG_20131117_135302-1536x2048.jpg 1536w\" sizes=\"auto, (max-width: 1920px) 100vw, 1920px\"  loading=\"lazy\"><\/div><\/div>\n\t\t\t\t\t\t\n\t\t\t\t\t\t<div class=\"element-info\">\n\t\t\t\t\t\t\t<div class=\"title\">M\u00e1rio Carrilho Negas<\/div>\n\t\t\t\t\t\t\t\n\t\t\t\t\t\t\t\t\t\t\t\t\t\t\t\t\t\t\t\t\t\t<dl class=\"affiliation-wrapper\"><dt class=\"affiliation-label visually-hidden\">Afilia\u00e7\u00e3o: <\/dt><dd class=\"affiliation-value\">Universidade Aberta<\/dd><\/dl>\n\t\t\t\t\t\t\t\n\t\t\t\t\t\t\t\t\t\t\t\t\t\t<div class=\"entry-bio\">Coordenador do projeto GenZ Now. Docente na Universidade Aberta (UAb). Investigador integrado do Laborat\u00f3rio de Educa\u00e7\u00e3o a Dist\u00e2ncia e eLearning (LE@D) e investigador do Centro de Estudos Globais da Universidade Aberta.<\/div>\t\t\t\t\t\t\t\t\t\t\t\t\t<\/div>\n\t\t\t\t\t<\/a>\n\t\t\t\t<\/li>\n            \t\t\t\t<li class=\"flex-row col-12 col-lg-12 element-horizontal-view d-flex align-items-center element py-3\">\n\t\t\t\t\t<a href=\"https:\/\/lead.uab.pt\/genz\/conhecer\/mario-macedo\/\"  class=\"d-flex flex-column flex-lg-row align-items-center text-decoration-none\" title=\"Saber mais sobre M\u00e1rio Macedo\">\n\t\t\t\t\t\t\t\t\t\t\t\t\t\t\t\t\t\t<div class=\"entry-thumbnail-wrapper-bg\"><div class=\"entry-thumbnail-wrapper\"><img decoding=\"async\" src=\"https:\/\/lead.uab.pt\/genz\/wp-content\/uploads\/sites\/10\/2022\/10\/mmacedovs.jpg\" width=\"200\" height=\"200\" class=\"attachment-news-list-thumbnails-size size-news-list-thumbnails-size block entry-thumbnail img-fluid\" alt=\"\" srcset=\"https:\/\/lead.uab.pt\/genz\/wp-content\/uploads\/sites\/10\/2022\/10\/mmacedovs.jpg 200w, https:\/\/lead.uab.pt\/genz\/wp-content\/uploads\/sites\/10\/2022\/10\/mmacedovs-150x150.jpg 150w\" sizes=\"auto, (max-width: 200px) 100vw, 200px\"  loading=\"lazy\"><\/div><\/div>\n\t\t\t\t\t\t\n\t\t\t\t\t\t<div class=\"element-info\">\n\t\t\t\t\t\t\t<div class=\"title\">M\u00e1rio Macedo<\/div>\n\t\t\t\t\t\t\t\n\t\t\t\t\t\t\t\t\t\t\t\t\t\t\t\t\t\t\t\t\t\t<dl class=\"affiliation-wrapper\"><dt class=\"affiliation-label visually-hidden\">Afilia\u00e7\u00e3o: <\/dt><dd class=\"affiliation-value\">Universidade Aberta<\/dd><\/dl>\n\t\t\t\t\t\t\t\n\t\t\t\t\t\t\t\t\t\t\t\t\t\t<div class=\"entry-bio\">Investigador colaborador do Laborat\u00f3rio de Educa\u00e7\u00e3o a Dist\u00e2ncia e E-learning da Universidade Aberta.<\/div>\t\t\t\t\t\t\t\t\t\t\t\t\t<\/div>\n\t\t\t\t\t<\/a>\n\t\t\t\t<\/li>\n            \t\t\t\t<li class=\"flex-row col-12 col-lg-12 element-horizontal-view d-flex align-items-center element py-3\">\n\t\t\t\t\t<a href=\"https:\/\/lead.uab.pt\/genz\/conhecer\/teresa-coimbra\/\"  class=\"d-flex flex-column flex-lg-row align-items-center text-decoration-none\" title=\"Saber mais sobre Teresa Coimbra\">\n\t\t\t\t\t\t\t\t\t\t\t\t\t\t\t\t\t\t<div class=\"entry-thumbnail-wrapper-bg\"><div class=\"entry-thumbnail-wrapper\"><img decoding=\"async\" src=\"https:\/\/lead.uab.pt\/genz\/wp-content\/uploads\/sites\/10\/2022\/10\/teresa_coimbra_vs.jpg\" width=\"669\" height=\"841\" class=\"attachment-news-list-thumbnails-size size-news-list-thumbnails-size block entry-thumbnail img-fluid\" alt=\"\" srcset=\"https:\/\/lead.uab.pt\/genz\/wp-content\/uploads\/sites\/10\/2022\/10\/teresa_coimbra_vs.jpg 669w, https:\/\/lead.uab.pt\/genz\/wp-content\/uploads\/sites\/10\/2022\/10\/teresa_coimbra_vs-239x300.jpg 239w\" sizes=\"auto, (max-width: 669px) 100vw, 669px\"  loading=\"lazy\"><\/div><\/div>\n\t\t\t\t\t\t\n\t\t\t\t\t\t<div class=\"element-info\">\n\t\t\t\t\t\t\t<div class=\"title\">Teresa Coimbra<\/div>\n\t\t\t\t\t\t\t\n\t\t\t\t\t\t\t\t\t\t\t\t\t\t\t\t\t\t\t\t\t\t<dl class=\"affiliation-wrapper\"><dt class=\"affiliation-label visually-hidden\">Afilia\u00e7\u00e3o: <\/dt><dd class=\"affiliation-value\">Universidade Aberta<\/dd><\/dl>\n\t\t\t\t\t\t\t\n\t\t\t\t\t\t\t\t\t\t\t\t\t\t<div class=\"entry-bio\">Investigadora colaboradora no Laborat\u00f3rio de Educa\u00e7\u00e3o a Dist\u00e2ncia e E-learning da Universidade Aberta.<\/div>\t\t\t\t\t\t\t\t\t\t\t\t\t<\/div>\n\t\t\t\t\t<\/a>\n\t\t\t\t<\/li>\n                    <\/ul>\n    <\/div>\n    <div class=\"clearfix\"><\/div>\n<\/div>\n<\/div>\n<\/div>\n\n\n\n<h2 class=\"wp-block-heading\"><\/h2>\n\n\n\n<div style=\"height:25px\" aria-hidden=\"true\" class=\"wp-block-spacer\"><\/div>\n\n\n\n        \n\n\n\n\n<hr class=\"wp-block-separator has-alpha-channel-opacity is-style-wide\"\/>\n","protected":false},"excerpt":{"rendered":"LE@D, Universidade Aberta","protected":false},"author":30,"featured_media":0,"parent":0,"menu_order":20,"comment_status":"closed","ping_status":"closed","template":"","meta":{"footnotes":""},"class_list":["post-142","page","type-page","status-publish","hentry"],"_links":{"self":[{"href":"https:\/\/lead.uab.pt\/genz\/wp-json\/wp\/v2\/pages\/142","targetHints":{"allow":["GET"]}}],"collection":[{"href":"https:\/\/lead.uab.pt\/genz\/wp-json\/wp\/v2\/pages"}],"about":[{"href":"https:\/\/lead.uab.pt\/genz\/wp-json\/wp\/v2\/types\/page"}],"author":[{"embeddable":true,"href":"https:\/\/lead.uab.pt\/genz\/wp-json\/wp\/v2\/users\/30"}],"replies":[{"embeddable":true,"href":"https:\/\/lead.uab.pt\/genz\/wp-json\/wp\/v2\/comments?post=142"}],"version-history":[{"count":7,"href":"https:\/\/lead.uab.pt\/genz\/wp-json\/wp\/v2\/pages\/142\/revisions"}],"predecessor-version":[{"id":1985,"href":"https:\/\/lead.uab.pt\/genz\/wp-json\/wp\/v2\/pages\/142\/revisions\/1985"}],"wp:attachment":[{"href":"https:\/\/lead.uab.pt\/genz\/wp-json\/wp\/v2\/media?parent=142"}],"curies":[{"name":"wp","href":"https:\/\/api.w.org\/{rel}","templated":true}]}}