{"id":1971,"date":"2023-05-08T09:52:49","date_gmt":"2023-05-08T08:52:49","guid":{"rendered":"https:\/\/lead.uab.pt\/mov2ead\/?page_id=1971"},"modified":"2024-12-02T15:51:15","modified_gmt":"2024-12-02T15:51:15","slug":"media","status":"publish","type":"page","link":"https:\/\/lead.uab.pt\/mov2ead\/media\/","title":{"rendered":"Impactos"},"content":{"rendered":"\n<p>O projeto tem tido impacto a v\u00e1rios n\u00edveis e dimens\u00f5es, nomeadamente nas v\u00e1rias IES envolvidas,  quer no sector p\u00fablico, quer privado, mas tamb\u00e9m em novas a\u00e7\u00f5es de coopera\u00e7\u00e3o inter-institucional, como a organiza\u00e7\u00e3o de eventos e cursos. Indicam-se a seguir as referidas institui\u00e7\u00f5es e alguns eventos como \u00e9 o caso do eLIES:<\/p>\n\n\n\n<p><\/p>\n\n\n\n<ul class=\"wp-block-list\">\n<li>ISEC Lisboa &#8211; Instituto Superior de Educa\u00e7\u00e3o e Ci\u00eancias<\/li>\n<\/ul>\n\n\n\n<ul class=\"wp-block-list\">\n<li>Instituto Piaget<\/li>\n<\/ul>\n\n\n\n<ul class=\"wp-block-list\">\n<li>Instituto Polit\u00e9cnico de Leiria<\/li>\n<\/ul>\n\n\n\n<ul class=\"wp-block-list\">\n<li>Instituto Polit\u00e9cnico de Portalegre<\/li>\n<\/ul>\n\n\n\n<ul class=\"wp-block-list\">\n<li>Instituto Polit\u00e9cnico de Santar\u00e9m<\/li>\n<\/ul>\n\n\n\n<ul class=\"wp-block-list\">\n<li>Universidade Aberta<\/li>\n<\/ul>\n\n\n\n<ul class=\"wp-block-list\">\n<li>Universidade do Algarve<\/li>\n<\/ul>\n\n\n\n<ul class=\"wp-block-list\">\n<li>Universidade Lus\u00edada<\/li>\n<\/ul>\n\n\n\n<p><\/p>\n\n\n\n<figure class=\"wp-block-embed is-type-video is-provider-youtube wp-block-embed-youtube wp-embed-aspect-16-9 wp-has-aspect-ratio\"><div class=\"wp-block-embed__wrapper\">\n<iframe loading=\"lazy\" title=\"X Encontro de Institui\u00e7\u00f5es e Unidades de eLearning do Ensino Superior - eL@IES | Reportagem\" width=\"500\" height=\"281\" src=\"https:\/\/www.youtube.com\/embed\/BcmcNgJR9TY?feature=oembed\" frameborder=\"0\" allow=\"accelerometer; autoplay; clipboard-write; encrypted-media; gyroscope; picture-in-picture; web-share\" referrerpolicy=\"strict-origin-when-cross-origin\" allowfullscreen><\/iframe>\n<\/div><\/figure>\n","protected":false},"excerpt":{"rendered":"O projeto tem tido impacto a v\u00e1rios n\u00edveis e dimens\u00f5es, nomeadamente nas v\u00e1rias IES envolvidas, quer no sector p\u00fablico, quer privado, mas tamb\u00e9m em novas a\u00e7\u00f5es de coopera\u00e7\u00e3o inter-institucional, como a organiza\u00e7\u00e3o de eventos e cursos. Indicam-se a seguir as referidas institui\u00e7\u00f5es e alguns eventos como \u00e9 o caso do eLIES:","protected":false},"author":4,"featured_media":0,"parent":0,"menu_order":0,"comment_status":"closed","ping_status":"closed","template":"","meta":{"footnotes":""},"class_list":["post-1971","page","type-page","status-publish","hentry"],"_links":{"self":[{"href":"https:\/\/lead.uab.pt\/mov2ead\/wp-json\/wp\/v2\/pages\/1971","targetHints":{"allow":["GET"]}}],"collection":[{"href":"https:\/\/lead.uab.pt\/mov2ead\/wp-json\/wp\/v2\/pages"}],"about":[{"href":"https:\/\/lead.uab.pt\/mov2ead\/wp-json\/wp\/v2\/types\/page"}],"author":[{"embeddable":true,"href":"https:\/\/lead.uab.pt\/mov2ead\/wp-json\/wp\/v2\/users\/4"}],"replies":[{"embeddable":true,"href":"https:\/\/lead.uab.pt\/mov2ead\/wp-json\/wp\/v2\/comments?post=1971"}],"version-history":[{"count":7,"href":"https:\/\/lead.uab.pt\/mov2ead\/wp-json\/wp\/v2\/pages\/1971\/revisions"}],"predecessor-version":[{"id":2164,"href":"https:\/\/lead.uab.pt\/mov2ead\/wp-json\/wp\/v2\/pages\/1971\/revisions\/2164"}],"wp:attachment":[{"href":"https:\/\/lead.uab.pt\/mov2ead\/wp-json\/wp\/v2\/media?parent=1971"}],"curies":[{"name":"wp","href":"https:\/\/api.w.org\/{rel}","templated":true}]}}