{"id":142,"date":"2022-10-19T22:42:28","date_gmt":"2022-10-19T22:42:28","guid":{"rendered":"https:\/\/sites.uab.pt\/congresso-humanidades\/?page_id=142"},"modified":"2024-09-19T12:07:34","modified_gmt":"2024-09-19T11:07:34","slug":"equipa","status":"publish","type":"page","link":"https:\/\/lead.uab.pt\/oblid\/equipa\/","title":{"rendered":"EQUIPA"},"content":{"rendered":"\n<h2 class=\"wp-block-heading\">Investigadores<\/h2>\n\n\n\n<div style=\"height:25px\" aria-hidden=\"true\" class=\"wp-block-spacer\"><\/div>\n\n\n\n\n\n    <div class=\"\">\n        <ul class=\"elements row list-unstyled justify-content-center\">\n            \t\t\t\t<li class=\"flex-row col-12 col-lg-12 element-horizontal-view d-flex align-items-center element py-3\">\n\t\t\t\t\t<a href=\"https:\/\/lead.uab.pt\/oblid\/conhecer\/luisa-aires\/\"  class=\"d-flex flex-column flex-lg-row align-items-center text-decoration-none\" title=\"Saber mais sobre Lu\u00edsa Aires\">\n\t\t\t\t\t\t\t\t\t\t\t\t\t\t\t\t\t\t<div class=\"entry-thumbnail-wrapper-bg\"><div class=\"entry-thumbnail-wrapper\"><img decoding=\"async\" src=\"https:\/\/lead.uab.pt\/oblid\/wp-content\/uploads\/sites\/21\/2022\/10\/LuisaAires.jpg\" width=\"1788\" height=\"1732\" class=\"attachment-news-list-thumbnails-size size-news-list-thumbnails-size block entry-thumbnail img-fluid\" alt=\"\" srcset=\"https:\/\/lead.uab.pt\/oblid\/wp-content\/uploads\/sites\/21\/2022\/10\/LuisaAires.jpg 1788w, https:\/\/lead.uab.pt\/oblid\/wp-content\/uploads\/sites\/21\/2022\/10\/LuisaAires-300x291.jpg 300w, https:\/\/lead.uab.pt\/oblid\/wp-content\/uploads\/sites\/21\/2022\/10\/LuisaAires-1024x992.jpg 1024w, https:\/\/lead.uab.pt\/oblid\/wp-content\/uploads\/sites\/21\/2022\/10\/LuisaAires-768x744.jpg 768w, https:\/\/lead.uab.pt\/oblid\/wp-content\/uploads\/sites\/21\/2022\/10\/LuisaAires-1536x1488.jpg 1536w\" sizes=\"auto, (max-width: 1788px) 100vw, 1788px\"  loading=\"lazy\"><\/div><\/div>\n\t\t\t\t\t\t\n\t\t\t\t\t\t<div class=\"element-info\">\n\t\t\t\t\t\t\t<div class=\"title\">Lu\u00edsa Aires<\/div>\n\t\t\t\t\t\t\t\n\t\t\t\t\t\t\t\t\t\t\t\t\t\t\t\t\t\t\t\t\t\t<dl class=\"affiliation-wrapper\"><dt class=\"affiliation-label visually-hidden\">Afilia\u00e7\u00e3o: <\/dt><dd class=\"affiliation-value\">Universidade Aberta<\/dd><\/dl>\n\t\t\t\t\t\t\t\n\t\t\t\t\t\t\t\t\t\t\t\t\t\t<div class=\"entry-bio\">Coordenadora da Rede ObLID. Professora Associada do Departamento de Educa\u00e7\u00e3o e Ensino a Dist\u00e2ncia e investigadora do LE@D, Universidade Aberta.<\/div>\t\t\t\t\t\t\t\t\t\t\t\t\t<\/div>\n\t\t\t\t\t<\/a>\n\t\t\t\t<\/li>\n            \t\t\t\t<li class=\"flex-row col-12 col-lg-12 element-horizontal-view d-flex align-items-center element py-3\">\n\t\t\t\t\t<a href=\"https:\/\/lead.uab.pt\/oblid\/conhecer\/visitacion-pereda\/\"  class=\"d-flex flex-column flex-lg-row align-items-center text-decoration-none\" title=\"Saber mais sobre Visitaci\u00f3n Pereda\">\n\t\t\t\t\t\t\t\t\t\t\t\t\t\t\t\t\t\t<div class=\"entry-thumbnail-wrapper-bg\"><div class=\"entry-thumbnail-wrapper\"><img decoding=\"async\" src=\"https:\/\/lead.uab.pt\/oblid\/wp-content\/uploads\/sites\/21\/2022\/10\/VisiPereda.png\" width=\"520\" height=\"628\" class=\"attachment-news-list-thumbnails-size size-news-list-thumbnails-size block entry-thumbnail img-fluid\" alt=\"\" srcset=\"https:\/\/lead.uab.pt\/oblid\/wp-content\/uploads\/sites\/21\/2022\/10\/VisiPereda.png 520w, https:\/\/lead.uab.pt\/oblid\/wp-content\/uploads\/sites\/21\/2022\/10\/VisiPereda-248x300.png 248w\" sizes=\"auto, (max-width: 520px) 100vw, 520px\"  loading=\"lazy\"><\/div><\/div>\n\t\t\t\t\t\t\n\t\t\t\t\t\t<div class=\"element-info\">\n\t\t\t\t\t\t\t<div class=\"title\">Visitaci\u00f3n Pereda<\/div>\n\t\t\t\t\t\t\t\n\t\t\t\t\t\t\t\t\t\t\t\t\t\t\t\t\t\t\t\t\t\t<dl class=\"affiliation-wrapper\"><dt class=\"affiliation-label visually-hidden\">Afilia\u00e7\u00e3o: <\/dt><dd class=\"affiliation-value\">Universidade de Deusto<\/dd><\/dl>\n\t\t\t\t\t\t\t\n\t\t\t\t\t\t\t\t\t\t\t\t\t\t<div class=\"entry-bio\">Professora titular da Faculdade de Psicologia e Educa\u00e7\u00e3o da Universidade de Deusto. Coordenadora do Mestrado em Dire\u00e7\u00e3o de Centros Educativos. Pertence \u00e0 equipa de investiga\u00e7\u00e3o eDucarR.<\/div>\t\t\t\t\t\t\t\t\t\t\t\t\t<\/div>\n\t\t\t\t\t<\/a>\n\t\t\t\t<\/li>\n            \t\t\t\t<li class=\"flex-row col-12 col-lg-12 element-horizontal-view d-flex align-items-center element py-3\">\n\t\t\t\t\t<a href=\"https:\/\/lead.uab.pt\/oblid\/conhecer\/ricardo-palmeiro\/\"  class=\"d-flex flex-column flex-lg-row align-items-center text-decoration-none\" title=\"Saber mais sobre Ricardo Palmeiro\">\n\t\t\t\t\t\t\t\t\t\t\t\t\t\t\t\t\t\t<div class=\"entry-thumbnail-wrapper-bg\"><div class=\"entry-thumbnail-wrapper\"><img decoding=\"async\" src=\"https:\/\/lead.uab.pt\/oblid\/wp-content\/uploads\/sites\/21\/2023\/12\/RicardoPalmeiro.jpg\" width=\"278\" height=\"271\" class=\"attachment-news-list-thumbnails-size size-news-list-thumbnails-size block entry-thumbnail img-fluid\" alt=\"\"  loading=\"lazy\"><\/div><\/div>\n\t\t\t\t\t\t\n\t\t\t\t\t\t<div class=\"element-info\">\n\t\t\t\t\t\t\t<div class=\"title\">Ricardo Palmeiro<\/div>\n\t\t\t\t\t\t\t\n\t\t\t\t\t\t\t\t\t\t\t\t\t\t\n\t\t\t\t\t\t\t\t\t\t\t\t\t\t<div class=\"entry-bio\">Coordenador Executivo da Rede ObLID. Atualmente a desenvolver a tese de doutoramento sobre Literac\u00eda Digital, sob orienta\u00e7\u00e3o das professoras Visitaci\u00f3n Pereda (UD) e Lu\u00edsa Aires (UAb).<\/div>\t\t\t\t\t\t\t\t\t\t\t\t\t<\/div>\n\t\t\t\t\t<\/a>\n\t\t\t\t<\/li>\n            \t\t\t\t<li class=\"flex-row col-12 col-lg-12 element-horizontal-view d-flex align-items-center element py-3\">\n\t\t\t\t\t<a href=\"https:\/\/lead.uab.pt\/oblid\/conhecer\/oihane-korres\/\"  class=\"d-flex flex-column flex-lg-row align-items-center text-decoration-none\" title=\"Saber mais sobre Oihane Korres\">\n\t\t\t\t\t\t\t\t\t\t\t\t\t\t\t\t\t\t<div class=\"entry-thumbnail-wrapper-bg\"><div class=\"entry-thumbnail-wrapper\"><img decoding=\"async\" src=\"https:\/\/lead.uab.pt\/oblid\/wp-content\/uploads\/sites\/21\/2023\/12\/OihaneKorres.png\" width=\"266\" height=\"291\" class=\"attachment-news-list-thumbnails-size size-news-list-thumbnails-size block entry-thumbnail img-fluid\" alt=\"\"  loading=\"lazy\"><\/div><\/div>\n\t\t\t\t\t\t\n\t\t\t\t\t\t<div class=\"element-info\">\n\t\t\t\t\t\t\t<div class=\"title\">Oihane Korres<\/div>\n\t\t\t\t\t\t\t\n\t\t\t\t\t\t\t\t\t\t\t\t\t\t\t\t\t\t\t\t\t\t<dl class=\"affiliation-wrapper\"><dt class=\"affiliation-label visually-hidden\">Afilia\u00e7\u00e3o: <\/dt><dd class=\"affiliation-value\">Universidade de Deusto<\/dd><\/dl>\n\t\t\t\t\t\t\t\n\t\t\t\t\t\t\t\t\t\t\t\t\t\t<div class=\"entry-bio\">Profesora de la Facultad de Psicolog\u00eda y Educaci\u00f3n en la Universidad de Deusto. Investigadora en el equipo eDucaR, del que es responsable de comunicaci\u00f3n. L\u00edneas de investigaci\u00f3n: el desarrollo de valores, la adolescencia, los medios de comunicaci\u00f3n y las TICs.<\/div>\t\t\t\t\t\t\t\t\t\t\t\t\t<\/div>\n\t\t\t\t\t<\/a>\n\t\t\t\t<\/li>\n            \t\t\t\t<li class=\"flex-row col-12 col-lg-12 element-horizontal-view d-flex align-items-center element py-3\">\n\t\t\t\t\t<a href=\"https:\/\/lead.uab.pt\/oblid\/conhecer\/javier-aguirregabiria-barturen\/\"  class=\"d-flex flex-column flex-lg-row align-items-center text-decoration-none\" title=\"Saber mais sobre Javier Aguirregabiria Barturen\">\n\t\t\t\t\t\t\t\t\t\t\t\t\t\t\t\t\t\t<div class=\"entry-thumbnail-wrapper-bg\"><div class=\"entry-thumbnail-wrapper\"><img decoding=\"async\" src=\"https:\/\/lead.uab.pt\/oblid\/wp-content\/uploads\/sites\/21\/2023\/12\/JavierAguirregabiriaBarturen.jpg\" width=\"233\" height=\"267\" class=\"attachment-news-list-thumbnails-size size-news-list-thumbnails-size block entry-thumbnail img-fluid\" alt=\"\"  loading=\"lazy\"><\/div><\/div>\n\t\t\t\t\t\t\n\t\t\t\t\t\t<div class=\"element-info\">\n\t\t\t\t\t\t\t<div class=\"title\">Javier Aguirregabiria Barturen<\/div>\n\t\t\t\t\t\t\t\n\t\t\t\t\t\t\t\t\t\t\t\t\t\t\t\t\t\t\t\t\t\t<dl class=\"affiliation-wrapper\"><dt class=\"affiliation-label visually-hidden\">Afilia\u00e7\u00e3o: <\/dt><dd class=\"affiliation-value\">Universidade de Deusto<\/dd><\/dl>\n\t\t\t\t\t\t\t\n\t\t\t\t\t\t\t\t\t\t\t\t\t\t<div class=\"entry-bio\">Doctor en Educaci\u00f3n por la Universidad de Deusto.<\/div>\t\t\t\t\t\t\t\t\t\t\t\t\t<\/div>\n\t\t\t\t\t<\/a>\n\t\t\t\t<\/li>\n            \t\t\t\t<li class=\"flex-row col-12 col-lg-12 element-horizontal-view d-flex align-items-center element py-3\">\n\t\t\t\t\t<a href=\"https:\/\/lead.uab.pt\/oblid\/conhecer\/cesar-sequeira\/\"  class=\"d-flex flex-column flex-lg-row align-items-center text-decoration-none\" title=\"Saber mais sobre C\u00e9sar Sequeira\">\n\t\t\t\t\t\t\t\t\t\t\t\t\t\t\t\t\t\t<div class=\"entry-thumbnail-wrapper-bg\"><div class=\"entry-thumbnail-wrapper\"><img decoding=\"async\" src=\"https:\/\/lead.uab.pt\/oblid\/wp-content\/uploads\/sites\/21\/2023\/12\/CesarSequeira.jpg\" width=\"1360\" height=\"1256\" class=\"attachment-news-list-thumbnails-size size-news-list-thumbnails-size block entry-thumbnail img-fluid\" alt=\"\" srcset=\"https:\/\/lead.uab.pt\/oblid\/wp-content\/uploads\/sites\/21\/2023\/12\/CesarSequeira.jpg 1360w, https:\/\/lead.uab.pt\/oblid\/wp-content\/uploads\/sites\/21\/2023\/12\/CesarSequeira-300x277.jpg 300w, https:\/\/lead.uab.pt\/oblid\/wp-content\/uploads\/sites\/21\/2023\/12\/CesarSequeira-1024x946.jpg 1024w, https:\/\/lead.uab.pt\/oblid\/wp-content\/uploads\/sites\/21\/2023\/12\/CesarSequeira-768x709.jpg 768w\" sizes=\"auto, (max-width: 1360px) 100vw, 1360px\"  loading=\"lazy\"><\/div><\/div>\n\t\t\t\t\t\t\n\t\t\t\t\t\t<div class=\"element-info\">\n\t\t\t\t\t\t\t<div class=\"title\">C\u00e9sar Sequeira<\/div>\n\t\t\t\t\t\t\t\n\t\t\t\t\t\t\t\t\t\t\t\t\t\t\t\t\t\t\t\t\t\t<dl class=\"affiliation-wrapper\"><dt class=\"affiliation-label visually-hidden\">Afilia\u00e7\u00e3o: <\/dt><dd class=\"affiliation-value\">Universidade Aberta<\/dd><\/dl>\n\t\t\t\t\t\t\t\n\t\t\t\t\t\t\t\t\t\t\t\t\t\t<div class=\"entry-bio\">Colaborador dos Servi\u00e7os de Inform\u00e1tica da Universidade Aberta. Desempenha atualmente as suas fun\u00e7\u00f5es nas Delega\u00e7\u00f5es Regionais da Universidade Aberta em Coimbra e no Porto.<\/div>\t\t\t\t\t\t\t\t\t\t\t\t\t<\/div>\n\t\t\t\t\t<\/a>\n\t\t\t\t<\/li>\n            \t\t\t\t<li class=\"flex-row col-12 col-lg-12 element-horizontal-view d-flex align-items-center element py-3\">\n\t\t\t\t\t<a href=\"https:\/\/lead.uab.pt\/oblid\/conhecer\/erlantz-velasco\/\"  class=\"d-flex flex-column flex-lg-row align-items-center text-decoration-none\" title=\"Saber mais sobre Erlantz Velasco\">\n\t\t\t\t\t\t\t\t\t\t\t\t\t\t\t\t\t\t<div class=\"entry-thumbnail-wrapper-bg\"><div class=\"entry-thumbnail-wrapper\"><img decoding=\"async\" src=\"https:\/\/lead.uab.pt\/oblid\/wp-content\/uploads\/sites\/21\/2023\/12\/ErlantzVelasco-scaled.jpg\" width=\"2306\" height=\"2560\" class=\"attachment-news-list-thumbnails-size size-news-list-thumbnails-size block entry-thumbnail img-fluid\" alt=\"\" srcset=\"https:\/\/lead.uab.pt\/oblid\/wp-content\/uploads\/sites\/21\/2023\/12\/ErlantzVelasco-scaled.jpg 2306w, https:\/\/lead.uab.pt\/oblid\/wp-content\/uploads\/sites\/21\/2023\/12\/ErlantzVelasco-270x300.jpg 270w, https:\/\/lead.uab.pt\/oblid\/wp-content\/uploads\/sites\/21\/2023\/12\/ErlantzVelasco-923x1024.jpg 923w, https:\/\/lead.uab.pt\/oblid\/wp-content\/uploads\/sites\/21\/2023\/12\/ErlantzVelasco-768x852.jpg 768w, https:\/\/lead.uab.pt\/oblid\/wp-content\/uploads\/sites\/21\/2023\/12\/ErlantzVelasco-1384x1536.jpg 1384w, https:\/\/lead.uab.pt\/oblid\/wp-content\/uploads\/sites\/21\/2023\/12\/ErlantzVelasco-1845x2048.jpg 1845w\" sizes=\"auto, (max-width: 2306px) 100vw, 2306px\"  loading=\"lazy\"><\/div><\/div>\n\t\t\t\t\t\t\n\t\t\t\t\t\t<div class=\"element-info\">\n\t\t\t\t\t\t\t<div class=\"title\">Erlantz Velasco<\/div>\n\t\t\t\t\t\t\t\n\t\t\t\t\t\t\t\t\t\t\t\t\t\t\t\t\t\t\t\t\t\t<dl class=\"affiliation-wrapper\"><dt class=\"affiliation-label visually-hidden\">Afilia\u00e7\u00e3o: <\/dt><dd class=\"affiliation-value\">Universidade de Deusto<\/dd><\/dl>\n\t\t\t\t\t\t\t\n\t\t\t\t\t\t\t\t\t\t\t\t\t\t<div class=\"entry-bio\">Doctor en Educaci\u00f3n por la Universidad de Deusto. Licenciado en Historia y M\u00e1ster en Educaci\u00f3n. L\u00edneas de investigaci\u00f3n: la metodolog\u00eda de la ense\u00f1anza de la lengua y estudio de procesos de ense\u00f1anza-aprendizaje de la escritura acad\u00e9mica.<\/div>\t\t\t\t\t\t\t\t\t\t\t\t\t<\/div>\n\t\t\t\t\t<\/a>\n\t\t\t\t<\/li>\n            \t\t\t\t<li class=\"flex-row col-12 col-lg-12 element-horizontal-view d-flex align-items-center element py-3\">\n\t\t\t\t\t<a href=\"https:\/\/lead.uab.pt\/oblid\/conhecer\/helder-toucas\/\"  class=\"d-flex flex-column flex-lg-row align-items-center text-decoration-none\" title=\"Saber mais sobre Helder Tou\u00e7as\">\n\t\t\t\t\t\t\t\t\t\t\t\t\t\t\t\t\t\t<div class=\"entry-thumbnail-wrapper-bg\"><div class=\"entry-thumbnail-wrapper\"><img decoding=\"async\" src=\"https:\/\/lead.uab.pt\/oblid\/wp-content\/uploads\/sites\/21\/2023\/12\/HelderToucas.png\" width=\"470\" height=\"470\" class=\"attachment-news-list-thumbnails-size size-news-list-thumbnails-size block entry-thumbnail img-fluid\" alt=\"\" srcset=\"https:\/\/lead.uab.pt\/oblid\/wp-content\/uploads\/sites\/21\/2023\/12\/HelderToucas.png 470w, https:\/\/lead.uab.pt\/oblid\/wp-content\/uploads\/sites\/21\/2023\/12\/HelderToucas-300x300.png 300w, https:\/\/lead.uab.pt\/oblid\/wp-content\/uploads\/sites\/21\/2023\/12\/HelderToucas-150x150.png 150w\" sizes=\"auto, (max-width: 470px) 100vw, 470px\"  loading=\"lazy\"><\/div><\/div>\n\t\t\t\t\t\t\n\t\t\t\t\t\t<div class=\"element-info\">\n\t\t\t\t\t\t\t<div class=\"title\">Helder Tou\u00e7as<\/div>\n\t\t\t\t\t\t\t\n\t\t\t\t\t\t\t\t\t\t\t\t\t\t\t\t\t\t\t\t\t\t<dl class=\"affiliation-wrapper\"><dt class=\"affiliation-label visually-hidden\">Afilia\u00e7\u00e3o: <\/dt><dd class=\"affiliation-value\">C\u00e2mara Municipal de Lisboa<\/dd><\/dl>\n\t\t\t\t\t\t\t\n\t\t\t\t\t\t\t\t\t\t\t\t\t\t<div class=\"entry-bio\">C\u00e2mara Municipal de Lisboa.<\/div>\t\t\t\t\t\t\t\t\t\t\t\t\t<\/div>\n\t\t\t\t\t<\/a>\n\t\t\t\t<\/li>\n            \t\t\t\t<li class=\"flex-row col-12 col-lg-12 element-horizontal-view d-flex align-items-center element py-3\">\n\t\t\t\t\t<a href=\"https:\/\/lead.uab.pt\/oblid\/conhecer\/maribel-miranda\/\"  class=\"d-flex flex-column flex-lg-row align-items-center text-decoration-none\" title=\"Saber mais sobre Maribel Miranda\">\n\t\t\t\t\t\t\t\t\t\t\t\t\t\t\t\t\t\t<div class=\"entry-thumbnail-wrapper-bg\"><div class=\"entry-thumbnail-wrapper\"><img decoding=\"async\" src=\"https:\/\/lead.uab.pt\/oblid\/wp-content\/uploads\/sites\/21\/2023\/12\/MaribelMiranda.jpg\" width=\"1175\" height=\"1186\" class=\"attachment-news-list-thumbnails-size size-news-list-thumbnails-size block entry-thumbnail img-fluid\" alt=\"\" srcset=\"https:\/\/lead.uab.pt\/oblid\/wp-content\/uploads\/sites\/21\/2023\/12\/MaribelMiranda.jpg 1175w, https:\/\/lead.uab.pt\/oblid\/wp-content\/uploads\/sites\/21\/2023\/12\/MaribelMiranda-297x300.jpg 297w, https:\/\/lead.uab.pt\/oblid\/wp-content\/uploads\/sites\/21\/2023\/12\/MaribelMiranda-1015x1024.jpg 1015w, https:\/\/lead.uab.pt\/oblid\/wp-content\/uploads\/sites\/21\/2023\/12\/MaribelMiranda-150x150.jpg 150w, https:\/\/lead.uab.pt\/oblid\/wp-content\/uploads\/sites\/21\/2023\/12\/MaribelMiranda-768x775.jpg 768w\" sizes=\"auto, (max-width: 1175px) 100vw, 1175px\"  loading=\"lazy\"><\/div><\/div>\n\t\t\t\t\t\t\n\t\t\t\t\t\t<div class=\"element-info\">\n\t\t\t\t\t\t\t<div class=\"title\">Maribel Miranda<\/div>\n\t\t\t\t\t\t\t\n\t\t\t\t\t\t\t\t\t\t\t\t\t\t\t\t\t\t\t\t\t\t<dl class=\"affiliation-wrapper\"><dt class=\"affiliation-label visually-hidden\">Afilia\u00e7\u00e3o: <\/dt><dd class=\"affiliation-value\">Universidade Aberta<\/dd><\/dl>\n\t\t\t\t\t\t\t\n\t\t\t\t\t\t\t\t\t\t\t\t\t\t<div class=\"entry-bio\">Professora Auxiliar da Universidade Aberta. Doutorada em Ci\u00eancias da Educa\u00e7\u00e3o, com p\u00f3s-doutoramento em Tecnologia Educativa.<\/div>\t\t\t\t\t\t\t\t\t\t\t\t\t<\/div>\n\t\t\t\t\t<\/a>\n\t\t\t\t<\/li>\n            \t\t\t\t<li class=\"flex-row col-12 col-lg-12 element-horizontal-view d-flex align-items-center element py-3\">\n\t\t\t\t\t<a href=\"https:\/\/lead.uab.pt\/oblid\/conhecer\/ester-fernandez-marquez\/\"  class=\"d-flex flex-column flex-lg-row align-items-center text-decoration-none\" title=\"Saber mais sobre Ester Fern\u00e1ndez M\u00e1rquez\">\n\t\t\t\t\t\t\t\t\t\t\t\t\t\t\t\t\t\t<div class=\"entry-thumbnail-wrapper-bg\"><div class=\"entry-thumbnail-wrapper\"><img decoding=\"async\" src=\"https:\/\/lead.uab.pt\/oblid\/wp-content\/uploads\/sites\/21\/2023\/12\/EsterFernandezMarquez.jpg\" width=\"2138\" height=\"2403\" class=\"attachment-news-list-thumbnails-size size-news-list-thumbnails-size block entry-thumbnail img-fluid\" alt=\"\" srcset=\"https:\/\/lead.uab.pt\/oblid\/wp-content\/uploads\/sites\/21\/2023\/12\/EsterFernandezMarquez.jpg 2138w, https:\/\/lead.uab.pt\/oblid\/wp-content\/uploads\/sites\/21\/2023\/12\/EsterFernandezMarquez-267x300.jpg 267w, https:\/\/lead.uab.pt\/oblid\/wp-content\/uploads\/sites\/21\/2023\/12\/EsterFernandezMarquez-911x1024.jpg 911w, https:\/\/lead.uab.pt\/oblid\/wp-content\/uploads\/sites\/21\/2023\/12\/EsterFernandezMarquez-768x863.jpg 768w, https:\/\/lead.uab.pt\/oblid\/wp-content\/uploads\/sites\/21\/2023\/12\/EsterFernandezMarquez-1367x1536.jpg 1367w, https:\/\/lead.uab.pt\/oblid\/wp-content\/uploads\/sites\/21\/2023\/12\/EsterFernandezMarquez-1822x2048.jpg 1822w\" sizes=\"auto, (max-width: 2138px) 100vw, 2138px\"  loading=\"lazy\"><\/div><\/div>\n\t\t\t\t\t\t\n\t\t\t\t\t\t<div class=\"element-info\">\n\t\t\t\t\t\t\t<div class=\"title\">Ester Fern\u00e1ndez M\u00e1rquez<\/div>\n\t\t\t\t\t\t\t\n\t\t\t\t\t\t\t\t\t\t\t\t\t\t\t\t\t\t\t\t\t\t<dl class=\"affiliation-wrapper\"><dt class=\"affiliation-label visually-hidden\">Afilia\u00e7\u00e3o: <\/dt><dd class=\"affiliation-value\">Universidade Pablo de Olavide<\/dd><\/dl>\n\t\t\t\t\t\t\t\n\t\t\t\t\t\t\t\t\t\t\t\t\t\t<div class=\"entry-bio\">Docente da Universidade Pablo de Olavide (Sevilha, Espanha).<\/div>\t\t\t\t\t\t\t\t\t\t\t\t\t<\/div>\n\t\t\t\t\t<\/a>\n\t\t\t\t<\/li>\n            \t\t\t\t<li class=\"flex-row col-12 col-lg-12 element-horizontal-view d-flex align-items-center element py-3\">\n\t\t\t\t\t<a href=\"https:\/\/lead.uab.pt\/oblid\/conhecer\/vanessa-verissimo\/\"  class=\"d-flex flex-column flex-lg-row align-items-center text-decoration-none\" title=\"Saber mais sobre Vanessa Ver\u00edssimo\">\n\t\t\t\t\t\t\t\t\t\t\t\t\t\t\t\t\t\t<div class=\"entry-thumbnail-wrapper-bg\"><div class=\"entry-thumbnail-wrapper\"><img decoding=\"async\" src=\"https:\/\/lead.uab.pt\/oblid\/wp-content\/uploads\/sites\/21\/2023\/12\/VanessaVerissimo.jpg\" width=\"200\" height=\"200\" class=\"attachment-news-list-thumbnails-size size-news-list-thumbnails-size block entry-thumbnail img-fluid\" alt=\"\" srcset=\"https:\/\/lead.uab.pt\/oblid\/wp-content\/uploads\/sites\/21\/2023\/12\/VanessaVerissimo.jpg 200w, https:\/\/lead.uab.pt\/oblid\/wp-content\/uploads\/sites\/21\/2023\/12\/VanessaVerissimo-150x150.jpg 150w\" sizes=\"auto, (max-width: 200px) 100vw, 200px\"  loading=\"lazy\"><\/div><\/div>\n\t\t\t\t\t\t\n\t\t\t\t\t\t<div class=\"element-info\">\n\t\t\t\t\t\t\t<div class=\"title\">Vanessa Ver\u00edssimo<\/div>\n\t\t\t\t\t\t\t\n\t\t\t\t\t\t\t\t\t\t\t\t\t\t\t\t\t\t\t\t\t\t<dl class=\"affiliation-wrapper\"><dt class=\"affiliation-label visually-hidden\">Afilia\u00e7\u00e3o: <\/dt><dd class=\"affiliation-value\">C\u00e2mara Municipal de Lisboa<\/dd><\/dl>\n\t\t\t\t\t\t\t\n\t\t\t\t\t\t\t\t\t\t\t\t\t\t<div class=\"entry-bio\">C\u00e2mara Municipal de Lisboa.<\/div>\t\t\t\t\t\t\t\t\t\t\t\t\t<\/div>\n\t\t\t\t\t<\/a>\n\t\t\t\t<\/li>\n            \t\t\t\t<li class=\"flex-row col-12 col-lg-12 element-horizontal-view d-flex align-items-center element py-3\">\n\t\t\t\t\t<a href=\"https:\/\/lead.uab.pt\/oblid\/conhecer\/rui-mesquita\/\"  class=\"d-flex flex-column flex-lg-row align-items-center text-decoration-none\" title=\"Saber mais sobre Rui Mesquita\">\n\t\t\t\t\t\t\t\t\t\t\t\t\t\t\t\t\t\t<div class=\"entry-thumbnail-wrapper-bg\"><div class=\"entry-thumbnail-wrapper\"><img decoding=\"async\" src=\"https:\/\/lead.uab.pt\/oblid\/wp-content\/uploads\/sites\/21\/2023\/12\/RuiMesquita.jpg\" width=\"394\" height=\"394\" class=\"attachment-news-list-thumbnails-size size-news-list-thumbnails-size block entry-thumbnail img-fluid\" alt=\"\" srcset=\"https:\/\/lead.uab.pt\/oblid\/wp-content\/uploads\/sites\/21\/2023\/12\/RuiMesquita.jpg 394w, https:\/\/lead.uab.pt\/oblid\/wp-content\/uploads\/sites\/21\/2023\/12\/RuiMesquita-300x300.jpg 300w, https:\/\/lead.uab.pt\/oblid\/wp-content\/uploads\/sites\/21\/2023\/12\/RuiMesquita-150x150.jpg 150w\" sizes=\"auto, (max-width: 394px) 100vw, 394px\"  loading=\"lazy\"><\/div><\/div>\n\t\t\t\t\t\t\n\t\t\t\t\t\t<div class=\"element-info\">\n\t\t\t\t\t\t\t<div class=\"title\">Rui Mesquita<\/div>\n\t\t\t\t\t\t\t\n\t\t\t\t\t\t\t\t\t\t\t\t\t\t\t\t\t\t\t\t\t\t<dl class=\"affiliation-wrapper\"><dt class=\"affiliation-label visually-hidden\">Afilia\u00e7\u00e3o: <\/dt><dd class=\"affiliation-value\">Agrupamento de Escolas N\u00ba1 de Gondomar<\/dd><\/dl>\n\t\t\t\t\t\t\t\n\t\t\t\t\t\t\t\t\t\t\t\t\t\t<div class=\"entry-bio\">Coordenador do projeto P-TIC do Agrupamento de Escolas N.\u00ba 1 de Gondomar. Professor do quadro de escola do grupo de inform\u00e1tica. Licenciado em Inform\u00e1tica \u2013 Matem\u00e1ticas Aplicadas e Mestre em Educa\u00e7\u00e3o Multim\u00e9dia. <\/div>\t\t\t\t\t\t\t\t\t\t\t\t\t<\/div>\n\t\t\t\t\t<\/a>\n\t\t\t\t<\/li>\n                    <\/ul>\n    <\/div>\n    <div class=\"clearfix\"><\/div>\n\n\n\n<hr class=\"wp-block-separator has-alpha-channel-opacity is-style-wide\"\/>\n\n\n\n<div style=\"height:25px\" aria-hidden=\"true\" class=\"wp-block-spacer\"><\/div>\n\n\n\n        \n\n","protected":false},"excerpt":{"rendered":"Investigadores","protected":false},"author":1,"featured_media":0,"parent":0,"menu_order":20,"comment_status":"closed","ping_status":"closed","template":"","meta":{"footnotes":""},"class_list":["post-142","page","type-page","status-publish","hentry"],"_links":{"self":[{"href":"https:\/\/lead.uab.pt\/oblid\/wp-json\/wp\/v2\/pages\/142","targetHints":{"allow":["GET"]}}],"collection":[{"href":"https:\/\/lead.uab.pt\/oblid\/wp-json\/wp\/v2\/pages"}],"about":[{"href":"https:\/\/lead.uab.pt\/oblid\/wp-json\/wp\/v2\/types\/page"}],"author":[{"embeddable":true,"href":"https:\/\/lead.uab.pt\/oblid\/wp-json\/wp\/v2\/users\/1"}],"replies":[{"embeddable":true,"href":"https:\/\/lead.uab.pt\/oblid\/wp-json\/wp\/v2\/comments?post=142"}],"version-history":[{"count":10,"href":"https:\/\/lead.uab.pt\/oblid\/wp-json\/wp\/v2\/pages\/142\/revisions"}],"predecessor-version":[{"id":2311,"href":"https:\/\/lead.uab.pt\/oblid\/wp-json\/wp\/v2\/pages\/142\/revisions\/2311"}],"wp:attachment":[{"href":"https:\/\/lead.uab.pt\/oblid\/wp-json\/wp\/v2\/media?parent=142"}],"curies":[{"name":"wp","href":"https:\/\/api.w.org\/{rel}","templated":true}]}}