{"id":148,"date":"2022-10-20T10:45:31","date_gmt":"2022-10-20T10:45:31","guid":{"rendered":"https:\/\/sites.uab.pt\/congresso-humanidades\/?page_id=148"},"modified":"2023-09-12T20:15:43","modified_gmt":"2023-09-12T19:15:43","slug":"eventos","status":"publish","type":"page","link":"https:\/\/lead.uab.pt\/obvspa\/eventos\/","title":{"rendered":"Eventos"},"content":{"rendered":"\n<h4 class=\"wp-block-heading\"><strong>Eventos<\/strong><\/h4>\n\n\n\n<div class=\"wp-block-c3-framew-gutenbergblocks-timeline schedule\"><div class=\"gbt-timeline-title-wrapper\"><div class=\"gbt-timeline-title tt-title\"><\/div><\/div><ul class=\"gbt-timeline-content-wrapper\">\n<li><div class=\"gbt-timeline-event-title-wrapper\"><div class=\"gbt-timeline-event-title time-title\"><strong>MeetUP22<\/strong><\/div><\/div><div class=\"gbt-timeline-event-content-wrapper\">\n<div class=\"wp-block-columns is-layout-flex wp-container-core-columns-is-layout-1 wp-block-columns-is-layout-flex\">\n<div class=\"wp-block-column is-layout-flow wp-block-column-is-layout-flow\" style=\"flex-basis:33.33%\">\n<figure class=\"wp-block-image size-full\"><img loading=\"lazy\" decoding=\"async\" width=\"417\" height=\"235\" src=\"https:\/\/lead.uab.pt\/obvspa\/wp-content\/uploads\/sites\/16\/2023\/09\/logo-meetup22.jpg\" alt=\"\" class=\"wp-image-2029\" srcset=\"https:\/\/lead.uab.pt\/obvspa\/wp-content\/uploads\/sites\/16\/2023\/09\/logo-meetup22.jpg 417w, https:\/\/lead.uab.pt\/obvspa\/wp-content\/uploads\/sites\/16\/2023\/09\/logo-meetup22-300x169.jpg 300w\" sizes=\"auto, (max-width: 417px) 100vw, 417px\" \/><\/figure>\n<\/div>\n\n\n\n<div class=\"wp-block-column is-layout-flow wp-block-column-is-layout-flow\" style=\"flex-basis:66.66%\">\n<p>O OBVSPA participou no <strong><a href=\"https:\/\/eventos.uab.pt\/meetup22\/\" data-type=\"link\" data-id=\"https:\/\/eventos.uab.pt\/meetup22\/\">1\u00aa MeetUp22 &#8211; 1\u00ba Encontro de Investigadores do LE@D &#8211; Inova\u00e7\u00e3o e Ci\u00eancia<\/a><\/strong>  nos dias 18-19 de mar\u00e7o de 2022 com uma apresenta\u00e7\u00e3o da responsabilidade da equipa de investiga\u00e7\u00e3o com o t\u00edtulo: <em>Observat\u00f3rio Virtual de Supervis\u00e3o Pedag\u00f3gica e Autoavalia\u00e7\u00e3o De Escolas -Trajeto e Resultados<\/em> .<\/p>\n\n\n\n<p>Dispon\u00edvel <a href=\"https:\/\/eventos.uab.pt\/meetup22\/\" data-type=\"link\" data-id=\"https:\/\/eventos.uab.pt\/meetup22\/\">aqui<\/a>&nbsp;a comunica\u00e7\u00e3o apresentada pela equipa de investigadores .<\/p>\n<\/div>\n<\/div>\n<\/div><\/li>\n\n\n\n<li><div class=\"gbt-timeline-event-title-wrapper\"><div class=\"gbt-timeline-event-title time-title\"><strong>2\u00aa Col\u00f3quio sobre Supervis\u00e3o Pedag\u00f3gica e Acompanhamento da Pr\u00e1tica Letiva<\/strong><\/div><\/div><div class=\"gbt-timeline-event-content-wrapper\">\n<div class=\"wp-block-columns is-layout-flex wp-container-core-columns-is-layout-2 wp-block-columns-is-layout-flex\">\n<div class=\"wp-block-column is-layout-flow wp-block-column-is-layout-flow\" style=\"flex-basis:33.33%\">\n<figure class=\"wp-block-image size-full\"><img loading=\"lazy\" decoding=\"async\" width=\"484\" height=\"150\" src=\"https:\/\/lead.uab.pt\/obvspa\/wp-content\/uploads\/sites\/16\/2023\/09\/coloquio_SPAPL-1.jpg\" alt=\"\" class=\"wp-image-2096\" srcset=\"https:\/\/lead.uab.pt\/obvspa\/wp-content\/uploads\/sites\/16\/2023\/09\/coloquio_SPAPL-1.jpg 484w, https:\/\/lead.uab.pt\/obvspa\/wp-content\/uploads\/sites\/16\/2023\/09\/coloquio_SPAPL-1-300x93.jpg 300w\" sizes=\"auto, (max-width: 484px) 100vw, 484px\" \/><\/figure>\n<\/div>\n\n\n\n<div class=\"wp-block-column is-layout-flow wp-block-column-is-layout-flow\" style=\"flex-basis:66.66%\">\n<p>No \u00e2mbito do OBVSPA teve lugar no Audit\u00f3rio Cam\u00f5es, em dia 11 de maio 2019\u00a0<em>o\u00a02\u00aaCol\u00f3quio sobre Supervis\u00e3o Pedag\u00f3gica e Acompanhamento da Pr\u00e1tica Letiva<\/em>, destinado a Educadores e Professores dos ensinos Secund\u00e1rio, t\u00e9cnicos de educa\u00e7\u00e3o e estudantes de mestrado e doutoramento. <\/p>\n<\/div>\n<\/div>\n<\/div><\/li>\n\n\n\n<li><div class=\"gbt-timeline-event-title-wrapper\"><div class=\"gbt-timeline-event-title time-title\"><strong>Encontro Ci\u00eancia 2018<\/strong><\/div><\/div><div class=\"gbt-timeline-event-content-wrapper\">\n<div class=\"wp-block-columns is-layout-flex wp-container-core-columns-is-layout-3 wp-block-columns-is-layout-flex\">\n<div class=\"wp-block-column is-layout-flow wp-block-column-is-layout-flow\" style=\"flex-basis:33.33%\">\n<figure class=\"wp-block-image size-full is-resized\"><img loading=\"lazy\" decoding=\"async\" src=\"https:\/\/lead.uab.pt\/obvspa\/wp-content\/uploads\/sites\/16\/2023\/04\/Ciencia2018.jpg\" alt=\"\" class=\"wp-image-1948\" style=\"width:306px;height:151px\" width=\"306\" height=\"151\"\/><\/figure>\n<\/div>\n\n\n\n<div class=\"wp-block-column is-layout-flow wp-block-column-is-layout-flow\" style=\"flex-basis:66.66%\">\n<p>O OBVSPA participou no Encontro Ci\u00eancia 2018, promovido pela Funda\u00e7\u00e3o para a  Ci\u00eancia e a Tecnologia em julho de 2018 .<\/p>\n\n\n\n<p>Dispon\u00edvel <a href=\"https:\/\/lead.uab.pt\/antigo\/wp-content\/uploads\/sites\/3\/2018\/09\/OBVSPA.pdf\">aqui<\/a>&nbsp;a comunica\u00e7\u00e3o apresentada pela equipa de investigadores .<\/p>\n<\/div>\n<\/div>\n\n\n\n<div class=\"wp-block-columns is-layout-flex wp-container-core-columns-is-layout-4 wp-block-columns-is-layout-flex\"><\/div>\n<\/div><\/li>\n\n\n\n<li style=\"--timeline-color:#06c2c4\"><div class=\"gbt-timeline-event-title-wrapper\"><div class=\"gbt-timeline-event-title time-title\"><em>\u00a0<\/em><strong><a href=\"https:\/\/lead.uab.pt\/antigo\/wp-content\/uploads\/sites\/3\/2018\/09\/Flyer-Col%C3%B3quio-SPAPL.pdf\">I Col\u00f3quio sobre Supervis\u00e3o Pedag\u00f3gica e Acompanhamento da Pr\u00e1tica Letiva<\/a><\/strong><br\/><br\/>No \u00e2mbito do OBVSPA teve lugar no Audit\u00f3rio Faculdade de Psicologia e Ci\u00eancias da Educa\u00e7\u00e3o, da Universidade de Coimbra, em dia 22 de abril de 2017\u00a0<em>o\u00a0<a href=\"https:\/\/lead.uab.pt\/antigo\/wp-content\/uploads\/sites\/3\/2018\/09\/Flyer-Col%C3%B3quio-SPAPL.pdf\">I Col\u00f3quio sobre Supervis\u00e3o Pedag\u00f3gica e Acompanhamento da Pr\u00e1tica Letiva<\/a><\/em>, destinado a Educadores e Professores dos ensinos Secund\u00e1rio, t\u00e9cnicos de educa\u00e7\u00e3o e estudantes de mestrado e doutoramento. Est\u00e1 prevista a realiza\u00e7\u00e3o do II Col\u00f3quio em 2019, na Universidade Aberta.<\/div><\/div><div class=\"gbt-timeline-event-content-wrapper\">\n<p><\/p>\n<\/div><\/li>\n<\/ul><\/div>\n\n\n\n<div class=\"wp-block-c3-framew-gutenbergblocks-timeline schedule\"><div class=\"gbt-timeline-title-wrapper\"><div class=\"gbt-timeline-title tt-title\"><\/div><\/div><ul class=\"gbt-timeline-content-wrapper\"><\/ul><\/div>\n\n\n\n<p><\/p>\n","protected":false},"excerpt":{"rendered":"Eventos","protected":false},"author":1,"featured_media":0,"parent":0,"menu_order":50,"comment_status":"closed","ping_status":"closed","template":"","meta":{"footnotes":""},"class_list":["post-148","page","type-page","status-publish","hentry"],"_links":{"self":[{"href":"https:\/\/lead.uab.pt\/obvspa\/wp-json\/wp\/v2\/pages\/148","targetHints":{"allow":["GET"]}}],"collection":[{"href":"https:\/\/lead.uab.pt\/obvspa\/wp-json\/wp\/v2\/pages"}],"about":[{"href":"https:\/\/lead.uab.pt\/obvspa\/wp-json\/wp\/v2\/types\/page"}],"author":[{"embeddable":true,"href":"https:\/\/lead.uab.pt\/obvspa\/wp-json\/wp\/v2\/users\/1"}],"replies":[{"embeddable":true,"href":"https:\/\/lead.uab.pt\/obvspa\/wp-json\/wp\/v2\/comments?post=148"}],"version-history":[{"count":9,"href":"https:\/\/lead.uab.pt\/obvspa\/wp-json\/wp\/v2\/pages\/148\/revisions"}],"predecessor-version":[{"id":2099,"href":"https:\/\/lead.uab.pt\/obvspa\/wp-json\/wp\/v2\/pages\/148\/revisions\/2099"}],"wp:attachment":[{"href":"https:\/\/lead.uab.pt\/obvspa\/wp-json\/wp\/v2\/media?parent=148"}],"curies":[{"name":"wp","href":"https:\/\/api.w.org\/{rel}","templated":true}]}}